{"id":642,"date":"2022-02-15T19:04:30","date_gmt":"2022-02-15T19:04:30","guid":{"rendered":"http:\/\/mesaymantel.digital\/?page_id=642"},"modified":"2022-02-21T12:27:08","modified_gmt":"2022-02-21T12:27:08","slug":"lerma","status":"publish","type":"page","link":"https:\/\/mesaymantel.digital\/index.php\/lerma\/","title":{"rendered":"Lerma"},"content":{"rendered":"\n<hr class=\"wp-block-separator\"\/>\n\n\n\n<figure class=\"wp-block-image size-large\"><img loading=\"lazy\" width=\"1024\" height=\"120\" src=\"http:\/\/mesaymantel.digital\/wp-content\/uploads\/2022\/02\/2-1024x120.png\" alt=\"\" class=\"wp-image-1466\" srcset=\"https:\/\/mesaymantel.digital\/wp-content\/uploads\/2022\/02\/2-1024x120.png 1024w, https:\/\/mesaymantel.digital\/wp-content\/uploads\/2022\/02\/2-300x35.png 300w, https:\/\/mesaymantel.digital\/wp-content\/uploads\/2022\/02\/2-768x90.png 768w, https:\/\/mesaymantel.digital\/wp-content\/uploads\/2022\/02\/2-1536x179.png 1536w, https:\/\/mesaymantel.digital\/wp-content\/uploads\/2022\/02\/2-2048x239.png 2048w, https:\/\/mesaymantel.digital\/wp-content\/uploads\/2022\/02\/2-389x45.png 389w\" sizes=\"(max-width: 1024px) 100vw, 1024px\" \/><\/figure>\n\n\n\n<hr class=\"wp-block-separator\"\/>\n\n\n\n<figure class=\"wp-block-image size-full is-resized\"><img loading=\"lazy\" src=\"http:\/\/mesaymantel.digital\/wp-content\/uploads\/2022\/02\/PARADOR-DE-LERMA.jpg\" alt=\"\" class=\"wp-image-1230\" width=\"1238\" height=\"528\" srcset=\"https:\/\/mesaymantel.digital\/wp-content\/uploads\/2022\/02\/PARADOR-DE-LERMA.jpg 900w, https:\/\/mesaymantel.digital\/wp-content\/uploads\/2022\/02\/PARADOR-DE-LERMA-300x128.jpg 300w, https:\/\/mesaymantel.digital\/wp-content\/uploads\/2022\/02\/PARADOR-DE-LERMA-768x327.jpg 768w, https:\/\/mesaymantel.digital\/wp-content\/uploads\/2022\/02\/PARADOR-DE-LERMA-389x166.jpg 389w\" sizes=\"(max-width: 1238px) 100vw, 1238px\" \/><figcaption>Lerma<\/figcaption><\/figure>\n\n\n\n<p><\/p>\n\n\n\n<hr class=\"wp-block-separator\"\/>\n\n\n\n<div class=\"wp-block-media-text alignwide is-stacked-on-mobile\"><figure class=\"wp-block-media-text__media\"><a href=\"http:\/\/bsblerma.es\/\"><img loading=\"lazy\" width=\"1024\" height=\"589\" src=\"http:\/\/mesaymantel.digital\/wp-content\/uploads\/2022\/02\/88228583_102837747994329_3500643000462082048_o-1024x589.jpg\" alt=\"\" class=\"wp-image-776 size-full\" srcset=\"https:\/\/mesaymantel.digital\/wp-content\/uploads\/2022\/02\/88228583_102837747994329_3500643000462082048_o-1024x589.jpg 1024w, https:\/\/mesaymantel.digital\/wp-content\/uploads\/2022\/02\/88228583_102837747994329_3500643000462082048_o-300x172.jpg 300w, https:\/\/mesaymantel.digital\/wp-content\/uploads\/2022\/02\/88228583_102837747994329_3500643000462082048_o-768x441.jpg 768w, https:\/\/mesaymantel.digital\/wp-content\/uploads\/2022\/02\/88228583_102837747994329_3500643000462082048_o-1536x883.jpg 1536w, https:\/\/mesaymantel.digital\/wp-content\/uploads\/2022\/02\/88228583_102837747994329_3500643000462082048_o-389x224.jpg 389w, https:\/\/mesaymantel.digital\/wp-content\/uploads\/2022\/02\/88228583_102837747994329_3500643000462082048_o.jpg 2048w\" sizes=\"(max-width: 1024px) 100vw, 1024px\" \/><\/a><\/figure><div class=\"wp-block-media-text__content\">\n<blockquote class=\"wp-block-quote\"><p><strong>En la BSB nos hemos convertido en un restaurante de referencia en la zona gracias a nuestra profesionalidad, nuestras recetas tradicionales elaboradas con productos de la mejor calidad y el trato y servicio que ofrecemos a todas y cada una de las personas que nos visitan.<\/strong><\/p><\/blockquote>\n\n\n\n<p><a href=\"https:\/\/clickturismo.es\/bsb\/\" target=\"_blank\" rel=\"noreferrer noopener\">https:\/\/clickturismo.es\/bsb\/<\/a><\/p>\n\n\n\n<div class=\"wp-container-1 wp-block-buttons\">\n<div class=\"wp-block-button\"><a class=\"wp-block-button__link\" href=\"https:\/\/www.google.com\/maps\/place\/Plaza+de+San+Blas,+5,+09340+Lerma,+Burgos,+Espa%C3%B1a\/@42.025387,-3.755586,17z\/data=!4m5!3m4!1s0xd4677f048836b39:0xd2c7a1be2ed9dd54!8m2!3d42.025387!4d-3.7555861?hl=es-ES\" target=\"_blank\" rel=\"noreferrer noopener\">C\u00f3mo llegar<\/a><\/div>\n<\/div>\n<\/div><\/div>\n\n\n\n<hr class=\"wp-block-separator\"\/>\n\n\n\n<div class=\"wp-block-media-text alignwide is-stacked-on-mobile\"><figure class=\"wp-block-media-text__media\"><a href=\"https:\/\/turismoburgos.es\/casaanton\/\"><img loading=\"lazy\" width=\"798\" height=\"212\" src=\"http:\/\/mesaymantel.digital\/wp-content\/uploads\/2022\/02\/Imagen2-7.png\" alt=\"\" class=\"wp-image-777 size-full\" srcset=\"https:\/\/mesaymantel.digital\/wp-content\/uploads\/2022\/02\/Imagen2-7.png 798w, https:\/\/mesaymantel.digital\/wp-content\/uploads\/2022\/02\/Imagen2-7-300x80.png 300w, https:\/\/mesaymantel.digital\/wp-content\/uploads\/2022\/02\/Imagen2-7-768x204.png 768w, https:\/\/mesaymantel.digital\/wp-content\/uploads\/2022\/02\/Imagen2-7-389x103.png 389w\" sizes=\"(max-width: 798px) 100vw, 798px\" \/><\/a><\/figure><div class=\"wp-block-media-text__content\">\n<blockquote class=\"wp-block-quote\"><p><strong>Castilla y Le\u00f3n es la zona de Espa\u00f1a donde se cr\u00edan los mejores lechazos de cordero.<\/strong><\/p><p><strong>Proceden de ovejas de raza churra, lecheras y son de una ternura y un sabor realmente \u00fanicos.<\/strong><\/p><p><strong>&nbsp;&nbsp;&nbsp;&nbsp;&nbsp;No es extra\u00f1o que uno de los maestros de todos lo que nos gusta comer con sentido, propiedad y conocimiento, Nestor Luj\u00e1n dijera que<\/strong><\/p><p><strong>\u201clo admirable del lechazo castellano es la ausencia de cualquier artificiosidad\u201d.<\/strong><\/p><p><strong>&nbsp;&nbsp;&nbsp;&nbsp;&nbsp;As\u00ed es. Un lechazo, sabroso, crujiente, humeante\u2026.Una ensalada de buenos productos de las huertas que riega el r\u00edo Arlanza y una frasca de rosado, bien fresquito\u2026.<\/strong><\/p><p><strong>&nbsp;&nbsp;&nbsp;&nbsp;&nbsp;Casa Ant\u00f3n: el restaurante m\u00e1s antiguo de todo Burgos.<\/strong><\/p><p><strong>&nbsp;&nbsp;&nbsp;&nbsp;&nbsp;El lechazo en su estado puro&#8230; asado al sarmiento.<\/strong><\/p><\/blockquote>\n\n\n\n<p><a href=\"https:\/\/turismoburgos.es\/casaanton\/\" target=\"_blank\" rel=\"noreferrer noopener\">https:\/\/turismoburgos.es\/casaanton\/<\/a><\/p>\n\n\n\n<div class=\"wp-container-2 wp-block-buttons\">\n<div class=\"wp-block-button\"><a class=\"wp-block-button__link\" href=\"https:\/\/www.google.com\/maps\/place\/Asador+Casa+Ant%C3%B3n\/@42.0258868,-3.7562187,15z\/data=!4m2!3m1!1s0x0:0xd7d2ecfba164380f?sa=X&amp;ved=2ahUKEwi7vuGL-cjtAhWJHxQKHVRlAL0Q_BIwE3oECBsQBQ\" target=\"_blank\" rel=\"noreferrer noopener\">C\u00f3mo llegar<\/a><\/div>\n<\/div>\n<\/div><\/div>\n\n\n\n<hr class=\"wp-block-separator\"\/>\n\n\n\n<div class=\"wp-block-media-text alignwide is-stacked-on-mobile\"><figure class=\"wp-block-media-text__media\"><a href=\"https:\/\/clickturismo.es\/latabernadelpicaro\/\"><img loading=\"lazy\" width=\"1024\" height=\"341\" src=\"http:\/\/mesaymantel.digital\/wp-content\/uploads\/2022\/02\/Imagen1-10-1024x341.png\" alt=\"\" class=\"wp-image-778 size-full\" srcset=\"https:\/\/mesaymantel.digital\/wp-content\/uploads\/2022\/02\/Imagen1-10-1024x341.png 1024w, https:\/\/mesaymantel.digital\/wp-content\/uploads\/2022\/02\/Imagen1-10-300x100.png 300w, https:\/\/mesaymantel.digital\/wp-content\/uploads\/2022\/02\/Imagen1-10-768x256.png 768w, https:\/\/mesaymantel.digital\/wp-content\/uploads\/2022\/02\/Imagen1-10-1536x512.png 1536w, https:\/\/mesaymantel.digital\/wp-content\/uploads\/2022\/02\/Imagen1-10-2048x682.png 2048w, https:\/\/mesaymantel.digital\/wp-content\/uploads\/2022\/02\/Imagen1-10-389x130.png 389w\" sizes=\"(max-width: 1024px) 100vw, 1024px\" \/><\/a><\/figure><div class=\"wp-block-media-text__content\">\n<blockquote class=\"wp-block-quote\"><p><strong>LA TABERNA DEL P\u00cdCARO, Lerma.<\/strong><\/p><p><strong>En La misma Plaza Mayor, frente al Parador.<\/strong><\/p><p><strong>Restaurante donde podr\u00e1s disfrutar de las mejores raciones t\u00edpicas de la zona<\/strong> <strong>y a la vez platos diferenciales para marcar un propio estilo.<\/strong><\/p><p><strong>Contamos con un equipo de gente joven, con ganas de trabajar<\/strong> <strong>y el querer superarnos cada d\u00eda para ofrecer un servicio a la altura.<\/strong><\/p><p><strong>&nbsp;Restaurante en la plaza mayor de Lerma<\/strong>.<\/p><\/blockquote>\n\n\n\n<p><a href=\"https:\/\/clickturismo.es\/latabernadelpicaro\/\" target=\"_blank\" rel=\"noreferrer noopener\">https:\/\/clickturismo.es\/latabernadelpicaro\/<\/a><\/p>\n\n\n\n<div class=\"wp-container-3 wp-block-buttons\">\n<div class=\"wp-block-button\"><a class=\"wp-block-button__link\" href=\"https:\/\/www.google.com\/maps\/place\/La+Taberna+del+P%C3%ADcaro\/@42.0262146,-3.7565768,15z\/data=!4m2!3m1!1s0x0:0x59ba542043d31948?sa=X&amp;ved=2ahUKEwi_8abJz4L2AhWmyYUKHYxQC5EQ_BJ6BAgmEAU\" target=\"_blank\" rel=\"noreferrer noopener\">C\u00f3mo llegar<\/a><\/div>\n<\/div>\n<\/div><\/div>\n\n\n\n<hr class=\"wp-block-separator\"\/>\n\n\n\n<div class=\"wp-block-media-text alignwide is-stacked-on-mobile\"><figure class=\"wp-block-media-text__media\"><a href=\"https:\/\/clickturismo.es\/restaurantedocar\/\"><img loading=\"lazy\" width=\"318\" height=\"318\" src=\"http:\/\/mesaymantel.digital\/wp-content\/uploads\/2022\/02\/53595320_103988277429805_2588526168814649344_n.jpg\" alt=\"\" class=\"wp-image-779 size-full\" srcset=\"https:\/\/mesaymantel.digital\/wp-content\/uploads\/2022\/02\/53595320_103988277429805_2588526168814649344_n.jpg 318w, https:\/\/mesaymantel.digital\/wp-content\/uploads\/2022\/02\/53595320_103988277429805_2588526168814649344_n-300x300.jpg 300w, https:\/\/mesaymantel.digital\/wp-content\/uploads\/2022\/02\/53595320_103988277429805_2588526168814649344_n-150x150.jpg 150w\" sizes=\"(max-width: 318px) 100vw, 318px\" \/><\/a><\/figure><div class=\"wp-block-media-text__content\">\n<blockquote class=\"wp-block-quote\"><p><strong><strong>Restaurante Docar, Lerma.<\/strong><\/strong><\/p><p><strong><strong>Tapas, raciones, carta y men\u00fa del d\u00eda&#8230;<\/strong><\/strong><\/p><p><strong><strong>Todo ello aderezado con un gran servicio y mucho cari\u00f1o en la cocina&#8230;<\/strong><\/strong><\/p><\/blockquote>\n\n\n\n<p><a href=\"https:\/\/clickturismo.es\/restaurantedocar\/\" target=\"_blank\" rel=\"noreferrer noopener\">https:\/\/clickturismo.es\/restaurantedocar\/<\/a><\/p>\n\n\n\n<div class=\"wp-container-4 wp-block-buttons\">\n<div class=\"wp-block-button\"><a class=\"wp-block-button__link\" href=\"https:\/\/www.google.com\/maps\/place\/Hotel+Docar\/@42.0260506,-3.7608193,15z\/data=!4m2!3m1!1s0x0:0xc0e0c58a3f3fb4ca?sa=X&amp;ved=2ahUKEwiUw5uD0IL2AhUEz4UKHW1nCasQ_BJ6BAgiEAU\" target=\"_blank\" rel=\"noreferrer noopener\">C\u00f3mo llegar<\/a><\/div>\n<\/div>\n<\/div><\/div>\n\n\n\n<hr class=\"wp-block-separator\"\/>\n\n\n\n<hr class=\"wp-block-separator\"\/>\n\n\n\n<div class=\"wp-block-media-text alignwide is-stacked-on-mobile\"><figure class=\"wp-block-media-text__media\"><a href=\"https:\/\/clickturismo.es\/lerma\/\"><img loading=\"lazy\" width=\"852\" height=\"223\" src=\"http:\/\/mesaymantel.digital\/wp-content\/uploads\/2022\/02\/Imagen39-1.png\" alt=\"\" class=\"wp-image-619 size-full\" srcset=\"https:\/\/mesaymantel.digital\/wp-content\/uploads\/2022\/02\/Imagen39-1.png 852w, https:\/\/mesaymantel.digital\/wp-content\/uploads\/2022\/02\/Imagen39-1-300x79.png 300w, https:\/\/mesaymantel.digital\/wp-content\/uploads\/2022\/02\/Imagen39-1-768x201.png 768w, https:\/\/mesaymantel.digital\/wp-content\/uploads\/2022\/02\/Imagen39-1-389x102.png 389w\" sizes=\"(max-width: 852px) 100vw, 852px\" \/><\/a><\/figure><div class=\"wp-block-media-text__content\">\n<p class=\"has-large-font-size\">Toda la informaci\u00f3n tur\u00edstica de Lerma en un click.<\/p>\n\n\n\n<p><a href=\"https:\/\/clickturismo.es\/lerma\/\" target=\"_blank\" rel=\"noreferrer noopener\">https:\/\/clickturismo.es\/lerma\/<\/a><\/p>\n<\/div><\/div>\n\n\n\n<hr class=\"wp-block-separator\"\/>\n\n\n\n<hr class=\"wp-block-separator\"\/>\n","protected":false},"excerpt":{"rendered":"<p>Toda la informaci\u00f3n tur\u00edstica de Lerma en un click. https:\/\/clickturismo.es\/lerma\/<\/p>\n","protected":false},"author":1,"featured_media":0,"parent":0,"menu_order":0,"comment_status":"closed","ping_status":"closed","template":"","meta":{"_monsterinsights_skip_tracking":false,"_monsterinsights_sitenote_active":false,"_monsterinsights_sitenote_note":"","_monsterinsights_sitenote_category":0},"_links":{"self":[{"href":"https:\/\/mesaymantel.digital\/index.php\/wp-json\/wp\/v2\/pages\/642"}],"collection":[{"href":"https:\/\/mesaymantel.digital\/index.php\/wp-json\/wp\/v2\/pages"}],"about":[{"href":"https:\/\/mesaymantel.digital\/index.php\/wp-json\/wp\/v2\/types\/page"}],"author":[{"embeddable":true,"href":"https:\/\/mesaymantel.digital\/index.php\/wp-json\/wp\/v2\/users\/1"}],"replies":[{"embeddable":true,"href":"https:\/\/mesaymantel.digital\/index.php\/wp-json\/wp\/v2\/comments?post=642"}],"version-history":[{"count":5,"href":"https:\/\/mesaymantel.digital\/index.php\/wp-json\/wp\/v2\/pages\/642\/revisions"}],"predecessor-version":[{"id":1478,"href":"https:\/\/mesaymantel.digital\/index.php\/wp-json\/wp\/v2\/pages\/642\/revisions\/1478"}],"wp:attachment":[{"href":"https:\/\/mesaymantel.digital\/index.php\/wp-json\/wp\/v2\/media?parent=642"}],"curies":[{"name":"wp","href":"https:\/\/api.w.org\/{rel}","templated":true}]}}